{"id":11,"date":"2023-10-17T09:42:23","date_gmt":"2023-10-17T09:42:23","guid":{"rendered":"https:\/\/esteticamentemonica.it\/?page_id=11"},"modified":"2025-05-02T15:13:46","modified_gmt":"2025-05-02T15:13:46","slug":"home","status":"publish","type":"page","link":"https:\/\/esteticamentemonica.it\/","title":{"rendered":"Home"},"content":{"rendered":"<p>[et_pb_section fb_built=&#8221;1&#8243; admin_label=&#8221;Header&#8221; _builder_version=&#8221;4.21.0&#8243; _module_preset=&#8221;default&#8221; background_color=&#8221;#FFFFFF&#8221; background_image=&#8221;https:\/\/esteticamentemonica.it\/wp-content\/uploads\/2025\/04\/DSC_0269-xx-scaled.jpg&#8221; parallax=&#8221;on&#8221; parallax_method=&#8221;off&#8221; custom_padding=&#8221;8vw||||false|false&#8221; collapsed=&#8221;on&#8221; global_colors_info=&#8221;{}&#8221;][et_pb_row _builder_version=&#8221;4.19.2&#8243; _module_preset=&#8221;default&#8221; global_colors_info=&#8221;{}&#8221;][et_pb_column type=&#8221;4_4&#8243; _builder_version=&#8221;4.19.2&#8243; _module_preset=&#8221;default&#8221; global_colors_info=&#8221;{}&#8221;][et_pb_text _builder_version=&#8221;4.21.0&#8243; _module_preset=&#8221;cf6797d8-2146-4d89-a383-d2ff718cc6a1&#8243; text_orientation=&#8221;center&#8221; global_colors_info=&#8221;{}&#8221;]<\/p>\n<h4><strong>La bellezza di prendersi cura di s\u00e9<\/strong><\/h4>\n<p>[\/et_pb_text][et_pb_text _builder_version=&#8221;4.21.0&#8243; _module_preset=&#8221;6fbb9c93-6050-4d3e-8504-9922c5158e17&#8243; text_orientation=&#8221;center&#8221; global_colors_info=&#8221;{}&#8221;]<\/p>\n<h1>Esteticamente Monica<\/h1>\n<p>[\/et_pb_text][\/et_pb_column][\/et_pb_row][\/et_pb_section][et_pb_section fb_built=&#8221;1&#8243; admin_label=&#8221;Call to Action&#8221; _builder_version=&#8221;4.20.2&#8243; _module_preset=&#8221;default&#8221; custom_padding=&#8221;||||false|false&#8221; collapsed=&#8221;on&#8221; global_colors_info=&#8221;{}&#8221;][et_pb_row column_structure=&#8221;1_3,1_3,1_3&#8243; _builder_version=&#8221;4.19.2&#8243; _module_preset=&#8221;default&#8221; global_colors_info=&#8221;{}&#8221;][et_pb_column type=&#8221;1_3&#8243; _builder_version=&#8221;4.19.2&#8243; _module_preset=&#8221;default&#8221; global_colors_info=&#8221;{}&#8221;][et_pb_text _builder_version=&#8221;4.21.0&#8243; _module_preset=&#8221;1f169406-6c87-4249-a7e1-1a3f157a190f&#8221; hover_enabled=&#8221;0&#8243; global_colors_info=&#8221;{}&#8221; sticky_enabled=&#8221;0&#8243;]<\/p>\n<p><b>Esteticamente Monica<\/b><span style=\"font-weight: 400;\"> a Ponte Buggianese \u00e8 <\/span><i><span style=\"font-weight: 400;\">Centro Estetico e Benessere<\/span><\/i><span style=\"font-weight: 400;\"> una giovane realt\u00e0 dedicata alla bellezza sia di donne che uomini, con professionalit\u00e0 e dinamismo offre trattamenti base come Manicure e Pedicure, inoltre effettuano Ricostruzione Unghie, trattamenti Viso e Corpo, Trattamenti Anticellulite, Trattamenti Snellenti, Trattamenti Dimagranti, Massaggi Corpo, Massaggi Estetici, Ossigeno Terapia, Laser 2.0, Dimagrimento Localizzato e Rimodellante.<\/span><\/p>\n<p>[\/et_pb_text][et_pb_button button_url=&#8221;tel:+393398830015&#8243; url_new_window=&#8221;on&#8221; button_text=&#8221;Prendi un appuntamento&#8221; _builder_version=&#8221;4.21.0&#8243; _module_preset=&#8221;f324fd38-4318-4583-809f-e107e035f295&#8243; global_colors_info=&#8221;{}&#8221;][\/et_pb_button][\/et_pb_column][et_pb_column type=&#8221;1_3&#8243; _builder_version=&#8221;4.19.2&#8243; _module_preset=&#8221;default&#8221; global_colors_info=&#8221;{}&#8221;][et_pb_image src=&#8221;https:\/\/esteticamentemonica.it\/wp-content\/uploads\/2025\/04\/DSC_0252-scaled-e1745934351273-701&#215;1024.jpg&#8221; alt=&#8221;estetica pedicure<br \/>\n&#8221; title_text=&#8221;DSC_0252&#8243; _builder_version=&#8221;4.21.0&#8243; _module_preset=&#8221;default&#8221; position_origin_a=&#8221;center_left&#8221; position_origin_a_tablet=&#8221;center_left&#8221; position_origin_a_phone=&#8221;center_left&#8221; position_origin_a_last_edited=&#8221;off|desktop&#8221; position_origin_f_last_edited=&#8221;off|desktop&#8221; position_origin_r_last_edited=&#8221;off|desktop&#8221; custom_margin=&#8221;-40%||||false|false&#8221; custom_margin_tablet=&#8221;0%||||false|false&#8221; custom_margin_phone=&#8221;0%||||false|false&#8221; custom_margin_last_edited=&#8221;on|tablet&#8221; positioning_tablet=&#8221;none&#8221; positioning_phone=&#8221;none&#8221; positioning_last_edited=&#8221;off|desktop&#8221; border_radii=&#8221;on|500px|500px|500px|500px&#8221; border_width_all=&#8221;10px&#8221; border_color_all=&#8221;#FFFFFF&#8221; global_colors_info=&#8221;{}&#8221;][\/et_pb_image][\/et_pb_column][et_pb_column type=&#8221;1_3&#8243; _builder_version=&#8221;4.19.2&#8243; _module_preset=&#8221;default&#8221; global_colors_info=&#8221;{}&#8221;][\/et_pb_column][\/et_pb_row][\/et_pb_section][et_pb_section fb_built=&#8221;1&#8243; admin_label=&#8221;Video&#8221; _builder_version=&#8221;4.19.2&#8243; _module_preset=&#8221;default&#8221; collapsed=&#8221;on&#8221; global_colors_info=&#8221;{}&#8221;][et_pb_row _builder_version=&#8221;4.21.0&#8243; _module_preset=&#8221;default&#8221; animation_style=&#8221;flip&#8221; global_colors_info=&#8221;{}&#8221;][et_pb_column type=&#8221;4_4&#8243; _builder_version=&#8221;4.19.2&#8243; _module_preset=&#8221;default&#8221; global_colors_info=&#8221;{}&#8221;][divi8_image_carousel divi8_sliderperview=&#8221;4&#8243; divi8_auto_height=&#8221;on&#8221; divi8_text_show_hide=&#8221;off&#8221; _builder_version=&#8221;4.21.0&#8243; _module_preset=&#8221;default&#8221; global_colors_info=&#8221;{}&#8221;][divi8_image_carousel_item heading=&#8221;Team&#8221; img=&#8221;https:\/\/esteticamentemonica.it\/wp-content\/uploads\/2025\/04\/DSC_0374-scaled.jpg&#8221; _builder_version=&#8221;4.21.0&#8243; _module_preset=&#8221;default&#8221; global_colors_info=&#8221;{}&#8221;][\/divi8_image_carousel_item][divi8_image_carousel_item heading=&#8221;Michela&#8221; img=&#8221;https:\/\/esteticamentemonica.it\/wp-content\/uploads\/2025\/04\/DSC_0276-scaled.jpg&#8221; _builder_version=&#8221;4.21.0&#8243; _module_preset=&#8221;default&#8221; global_colors_info=&#8221;{}&#8221;][\/divi8_image_carousel_item][divi8_image_carousel_item heading=&#8221;manicure Nicole&#8221; img=&#8221;https:\/\/esteticamentemonica.it\/wp-content\/uploads\/2025\/04\/DSC_0274-scaled.jpg&#8221; _builder_version=&#8221;4.21.0&#8243; _module_preset=&#8221;default&#8221; global_colors_info=&#8221;{}&#8221;][\/divi8_image_carousel_item][divi8_image_carousel_item heading=&#8221;semi piedi Monica&#8221; img=&#8221;https:\/\/esteticamentemonica.it\/wp-content\/uploads\/2025\/04\/DSC_0258-scaled.jpg&#8221; _builder_version=&#8221;4.21.0&#8243; _module_preset=&#8221;default&#8221; global_colors_info=&#8221;{}&#8221;][\/divi8_image_carousel_item][divi8_image_carousel_item heading=&#8221;abbronzatura&#8221; img=&#8221;https:\/\/esteticamentemonica.it\/wp-content\/uploads\/2025\/04\/DSC_0372-scaled.jpg&#8221; _builder_version=&#8221;4.21.0&#8243; _module_preset=&#8221;default&#8221; global_colors_info=&#8221;{}&#8221;][\/divi8_image_carousel_item][divi8_image_carousel_item heading=&#8221;pedicure&#8221; img=&#8221;https:\/\/esteticamentemonica.it\/wp-content\/uploads\/2025\/04\/DSC_0350-scaled.jpg&#8221; _builder_version=&#8221;4.21.0&#8243; _module_preset=&#8221;default&#8221; global_colors_info=&#8221;{}&#8221;][\/divi8_image_carousel_item][divi8_image_carousel_item heading=&#8221;Ceretta Coco&#8221; img=&#8221;https:\/\/esteticamentemonica.it\/wp-content\/uploads\/2025\/04\/DSC_0287-scaled.jpg&#8221; _builder_version=&#8221;4.21.0&#8243; _module_preset=&#8221;default&#8221; global_colors_info=&#8221;{}&#8221;][\/divi8_image_carousel_item][divi8_image_carousel_item heading=&#8221;manicure Nico&#8221; img=&#8221;https:\/\/esteticamentemonica.it\/wp-content\/uploads\/2025\/04\/DSC_0269-1-scaled.jpg&#8221; _builder_version=&#8221;4.21.0&#8243; _module_preset=&#8221;default&#8221; global_colors_info=&#8221;{}&#8221;][\/divi8_image_carousel_item][divi8_image_carousel_item heading=&#8221;ambient&#8221; img=&#8221;https:\/\/esteticamentemonica.it\/wp-content\/uploads\/2025\/04\/DSC_0242-scaled.jpg&#8221; _builder_version=&#8221;4.21.0&#8243; _module_preset=&#8221;default&#8221; global_colors_info=&#8221;{}&#8221;][\/divi8_image_carousel_item][divi8_image_carousel_item heading=&#8221;smalti&#8221; img=&#8221;https:\/\/esteticamentemonica.it\/wp-content\/uploads\/2025\/04\/DSC_0266-scaled.jpg&#8221; _builder_version=&#8221;4.21.0&#8243; _module_preset=&#8221;default&#8221; global_colors_info=&#8221;{}&#8221;][\/divi8_image_carousel_item][divi8_image_carousel_item heading=&#8221;manicure&#8221; img=&#8221;https:\/\/esteticamentemonica.it\/wp-content\/uploads\/2025\/04\/DSC_0339-scaled.jpg&#8221; _builder_version=&#8221;4.21.0&#8243; _module_preset=&#8221;default&#8221; global_colors_info=&#8221;{}&#8221;][\/divi8_image_carousel_item][divi8_image_carousel_item heading=&#8221;ingresso&#8221; img=&#8221;https:\/\/esteticamentemonica.it\/wp-content\/uploads\/2025\/04\/DSC_0264-scaled.jpg&#8221; _builder_version=&#8221;4.21.0&#8243; _module_preset=&#8221;default&#8221; global_colors_info=&#8221;{}&#8221;][\/divi8_image_carousel_item][divi8_image_carousel_item heading=&#8221;cliente&#8221; img=&#8221;https:\/\/esteticamentemonica.it\/wp-content\/uploads\/2025\/04\/DSC_0321-scaled.jpg&#8221; _builder_version=&#8221;4.21.0&#8243; _module_preset=&#8221;default&#8221; global_colors_info=&#8221;{}&#8221;][\/divi8_image_carousel_item][\/divi8_image_carousel][\/et_pb_column][\/et_pb_row][et_pb_row column_structure=&#8221;1_2,1_2&#8243; _builder_version=&#8221;4.19.2&#8243; _module_preset=&#8221;default&#8221; global_colors_info=&#8221;{}&#8221;][et_pb_column type=&#8221;1_2&#8243; _builder_version=&#8221;4.19.2&#8243; _module_preset=&#8221;default&#8221; custom_padding_tablet=&#8221;||30px||false|false&#8221; custom_padding_phone=&#8221;||30px||false|false&#8221; custom_padding_last_edited=&#8221;on|desktop&#8221; global_colors_info=&#8221;{}&#8221;][et_pb_text _builder_version=&#8221;4.20.2&#8243; _module_preset=&#8221;cf6797d8-2146-4d89-a383-d2ff718cc6a1&#8243; global_colors_info=&#8221;{}&#8221;]<\/p>\n<h4>About Us<\/h4>\n<p>[\/et_pb_text][et_pb_text _builder_version=&#8221;4.21.0&#8243; _module_preset=&#8221;e29a1423-1ab0-438f-b4ad-a77458fad1c4&#8243; global_colors_info=&#8221;{}&#8221;]<\/p>\n<h2>Stare bene con se stessi per stare bene con gli altri.<\/h2>\n<p>[\/et_pb_text][et_pb_button button_url=&#8221;tel:+393398830015&#8243; url_new_window=&#8221;on&#8221; button_text=&#8221;Vieni a trovarci&#8221; _builder_version=&#8221;4.21.0&#8243; _module_preset=&#8221;f4876739-4bc1-47e5-b1a1-eb9335e6272d&#8221; global_colors_info=&#8221;{}&#8221;][\/et_pb_button][\/et_pb_column][et_pb_column type=&#8221;1_2&#8243; _builder_version=&#8221;4.19.2&#8243; _module_preset=&#8221;default&#8221; global_colors_info=&#8221;{}&#8221;][et_pb_text _builder_version=&#8221;4.21.0&#8243; _module_preset=&#8221;1f169406-6c87-4249-a7e1-1a3f157a190f&#8221; hover_enabled=&#8221;0&#8243; global_colors_info=&#8221;{}&#8221; sticky_enabled=&#8221;0&#8243;]<\/p>\n<p><b>Esteticamente Monica<\/b><span style=\"font-weight: 400;\"> si avvale di macchinari di ultima generazione per offrire trattamenti altamente performanti, che uniti a grande professionalit\u00e0 e passione garantiscono risultati unici, &#8220;<\/span><span style=\"font-weight: 400;\">la miglior pubblicit\u00e0 \u00e8 sempre un cliente soddisfatto<\/span><span style=\"font-weight: 400;\">&#8220;.<\/span><\/p>\n<p><b>Esteticamente Monica<\/b><span style=\"font-weight: 400;\"> utilizza solo le migliori marche del settore come <\/span><span style=\"font-weight: 400;\"><strong>Selvert<\/strong> per trattamenti viso e corpo,<b> Coco Cera, Mani Gel Bottle, <\/b><\/span><b>Ergoline,<\/b><span style=\"font-weight: 400;\">\u00a0<\/span><b>Australian Gold<\/b><span style=\"font-weight: 400;\"> e <\/span><b>Cuccio<\/b><span style=\"font-weight: 400;\">, la bellezza in una donna e in un uomo non \u00e8 tutto, ma \u00e8 indispensabile!<\/span><\/p>\n<p><b>Perch\u00e9 non approfittarne!!!&#8230; Venite gratuitamente a scoprire i nostri percorsi di Bellezza Corpo &amp; Viso<\/b><\/p>\n<p>[\/et_pb_text][\/et_pb_column][\/et_pb_row][\/et_pb_section][et_pb_section fb_built=&#8221;1&#8243; admin_label=&#8221;Features&#8221; _builder_version=&#8221;4.19.2&#8243; _module_preset=&#8221;default&#8221; background_color=&#8221;gcid-d69cdd80-7102-4dfa-b2aa-4f565509d968&#8243; background_image=&#8221;https:\/\/esteticamentemonica.it\/wp-content\/uploads\/2023\/10\/makeup-studio-45.png&#8221; background_size=&#8221;custom&#8221; background_image_width=&#8221;52%&#8221; background_position=&#8221;top_left&#8221; background_horizontal_offset=&#8221;-4vw&#8221; background_vertical_offset=&#8221;-8vw&#8221; locked=&#8221;off&#8221; collapsed=&#8221;on&#8221; global_colors_info=&#8221;{%22gcid-d69cdd80-7102-4dfa-b2aa-4f565509d968%22:%91%22background_color%22%93,%22gcid-f6a3689d-a668-4350-af50-132b2d07b02b%22:%91%22background_color%22%93}&#8221;][et_pb_row column_structure=&#8221;1_3,1_3,1_3&#8243; _builder_version=&#8221;4.19.2&#8243; _module_preset=&#8221;default&#8221; locked=&#8221;off&#8221; global_colors_info=&#8221;{}&#8221;][et_pb_column type=&#8221;1_3&#8243; _builder_version=&#8221;4.19.2&#8243; _module_preset=&#8221;default&#8221; custom_padding_tablet=&#8221;||30px||false|false&#8221; custom_padding_phone=&#8221;||30px||false|false&#8221; custom_padding_last_edited=&#8221;on|tablet&#8221; global_colors_info=&#8221;{}&#8221;][et_pb_image src=&#8221;https:\/\/esteticamentemonica.it\/wp-content\/uploads\/2023\/10\/11.png&#8221; title_text=&#8221;11&#8243; _builder_version=&#8221;4.21.0&#8243; _module_preset=&#8221;default&#8221; global_colors_info=&#8221;{}&#8221;][\/et_pb_image][et_pb_text _builder_version=&#8221;4.21.0&#8243; _module_preset=&#8221;934238cc-5ad0-4f3d-ad68-82ab934b71e3&#8243; custom_margin=&#8221;||0px||false|false&#8221; global_colors_info=&#8221;{}&#8221;]<\/p>\n<h3>Manicure e Pedicure<\/h3>\n<p>[\/et_pb_text][\/et_pb_column][et_pb_column type=&#8221;1_3&#8243; _builder_version=&#8221;4.19.2&#8243; _module_preset=&#8221;default&#8221; custom_padding_tablet=&#8221;||30px||false|false&#8221; custom_padding_phone=&#8221;||30px||false|false&#8221; custom_padding_last_edited=&#8221;on|tablet&#8221; global_colors_info=&#8221;{}&#8221;][et_pb_image src=&#8221;https:\/\/esteticamentemonica.it\/wp-content\/uploads\/2023\/10\/8.png&#8221; title_text=&#8221;8&#8243; _builder_version=&#8221;4.21.0&#8243; _module_preset=&#8221;default&#8221; global_colors_info=&#8221;{}&#8221;][\/et_pb_image][et_pb_text _builder_version=&#8221;4.21.0&#8243; _module_preset=&#8221;934238cc-5ad0-4f3d-ad68-82ab934b71e3&#8243; custom_margin=&#8221;||0px||false|false&#8221; global_colors_info=&#8221;{}&#8221;]<\/p>\n<h3><span style=\"font-weight: 400;\">Ricostruzione Unghie, Fisso e Semipermanente<\/span><\/h3>\n<p>[\/et_pb_text][\/et_pb_column][et_pb_column type=&#8221;1_3&#8243; _builder_version=&#8221;4.19.2&#8243; _module_preset=&#8221;default&#8221; global_colors_info=&#8221;{}&#8221;][et_pb_image src=&#8221;https:\/\/esteticamentemonica.it\/wp-content\/uploads\/2023\/10\/10.png&#8221; title_text=&#8221;10&#8243; _builder_version=&#8221;4.21.0&#8243; _module_preset=&#8221;default&#8221; global_colors_info=&#8221;{}&#8221;][\/et_pb_image][et_pb_text _builder_version=&#8221;4.21.0&#8243; _module_preset=&#8221;934238cc-5ad0-4f3d-ad68-82ab934b71e3&#8243; custom_margin=&#8221;||0px||false|false&#8221; global_colors_info=&#8221;{}&#8221;]<\/p>\n<h3><span style=\"font-weight: 400;\">Centro Solarium qualificato<\/span><\/h3>\n<p>[\/et_pb_text][\/et_pb_column][\/et_pb_row][et_pb_row column_structure=&#8221;1_3,1_3,1_3&#8243; _builder_version=&#8221;4.19.2&#8243; _module_preset=&#8221;default&#8221; locked=&#8221;off&#8221; global_colors_info=&#8221;{}&#8221;][et_pb_column type=&#8221;1_3&#8243; _builder_version=&#8221;4.19.2&#8243; _module_preset=&#8221;default&#8221; custom_padding_tablet=&#8221;||30px||false|false&#8221; custom_padding_phone=&#8221;||30px||false|false&#8221; custom_padding_last_edited=&#8221;on|tablet&#8221; global_colors_info=&#8221;{}&#8221;][et_pb_image src=&#8221;https:\/\/esteticamentemonica.it\/wp-content\/uploads\/2023\/10\/9.png&#8221; title_text=&#8221;9&#8243; _builder_version=&#8221;4.21.0&#8243; _module_preset=&#8221;default&#8221; global_colors_info=&#8221;{}&#8221;][\/et_pb_image][et_pb_text _builder_version=&#8221;4.21.0&#8243; _module_preset=&#8221;934238cc-5ad0-4f3d-ad68-82ab934b71e3&#8243; custom_margin=&#8221;||0px||false|false&#8221; global_colors_info=&#8221;{}&#8221;]<\/p>\n<h3>Trucco Sposa<\/h3>\n<p>[\/et_pb_text][\/et_pb_column][et_pb_column type=&#8221;1_3&#8243; _builder_version=&#8221;4.19.2&#8243; _module_preset=&#8221;default&#8221; custom_padding_tablet=&#8221;||30px||false|false&#8221; custom_padding_phone=&#8221;||30px||false|false&#8221; custom_padding_last_edited=&#8221;on|tablet&#8221; global_colors_info=&#8221;{}&#8221;][et_pb_image src=&#8221;https:\/\/esteticamentemonica.it\/wp-content\/uploads\/2023\/10\/12.png&#8221; title_text=&#8221;12&#8243; _builder_version=&#8221;4.21.0&#8243; _module_preset=&#8221;default&#8221; global_colors_info=&#8221;{}&#8221;][\/et_pb_image][et_pb_text _builder_version=&#8221;4.21.0&#8243; _module_preset=&#8221;934238cc-5ad0-4f3d-ad68-82ab934b71e3&#8243; custom_margin=&#8221;||0px||false|false&#8221; global_colors_info=&#8221;{}&#8221;]<\/p>\n<h3>Ossigeno terapia<\/h3>\n<p>[\/et_pb_text][\/et_pb_column][et_pb_column type=&#8221;1_3&#8243; _builder_version=&#8221;4.19.2&#8243; _module_preset=&#8221;default&#8221; global_colors_info=&#8221;{}&#8221;][et_pb_image src=&#8221;https:\/\/esteticamentemonica.it\/wp-content\/uploads\/2023\/10\/6.png&#8221; title_text=&#8221;6&#8243; _builder_version=&#8221;4.21.0&#8243; _module_preset=&#8221;default&#8221; global_colors_info=&#8221;{}&#8221;][\/et_pb_image][et_pb_text _builder_version=&#8221;4.21.0&#8243; _module_preset=&#8221;934238cc-5ad0-4f3d-ad68-82ab934b71e3&#8243; custom_margin=&#8221;||0px||false|false&#8221; global_colors_info=&#8221;{}&#8221;]<\/p>\n<h3>Trattamenti viso e corpo<\/h3>\n<p>[\/et_pb_text][\/et_pb_column][\/et_pb_row][et_pb_row column_structure=&#8221;1_3,1_3,1_3&#8243; _builder_version=&#8221;4.19.2&#8243; _module_preset=&#8221;default&#8221; locked=&#8221;off&#8221; global_colors_info=&#8221;{}&#8221;][et_pb_column type=&#8221;1_3&#8243; _builder_version=&#8221;4.19.2&#8243; _module_preset=&#8221;default&#8221; custom_padding_tablet=&#8221;||30px||false|false&#8221; custom_padding_phone=&#8221;||30px||false|false&#8221; custom_padding_last_edited=&#8221;on|tablet&#8221; global_colors_info=&#8221;{}&#8221;][et_pb_image src=&#8221;https:\/\/esteticamentemonica.it\/wp-content\/uploads\/2025\/05\/laser-2.png&#8221; title_text=&#8221;laser&#8221; _builder_version=&#8221;4.21.0&#8243; _module_preset=&#8221;default&#8221; hover_enabled=&#8221;0&#8243; global_colors_info=&#8221;{}&#8221; sticky_enabled=&#8221;0&#8243;][\/et_pb_image][et_pb_text _builder_version=&#8221;4.21.0&#8243; _module_preset=&#8221;934238cc-5ad0-4f3d-ad68-82ab934b71e3&#8243; custom_margin=&#8221;||0px||false|false&#8221; hover_enabled=&#8221;0&#8243; global_colors_info=&#8221;{}&#8221; sticky_enabled=&#8221;0&#8243;]<\/p>\n<h3>Laser 2.0 Q Italy<\/h3>\n<p>[\/et_pb_text][\/et_pb_column][et_pb_column type=&#8221;1_3&#8243; _builder_version=&#8221;4.19.2&#8243; _module_preset=&#8221;default&#8221; custom_padding_tablet=&#8221;||30px||false|false&#8221; custom_padding_phone=&#8221;||30px||false|false&#8221; custom_padding_last_edited=&#8221;on|tablet&#8221; global_colors_info=&#8221;{}&#8221;][et_pb_image src=&#8221;https:\/\/esteticamentemonica.it\/wp-content\/uploads\/2023\/10\/7.png&#8221; title_text=&#8221;7&#8243; _builder_version=&#8221;4.21.0&#8243; _module_preset=&#8221;default&#8221; global_colors_info=&#8221;{}&#8221;][\/et_pb_image][et_pb_text _builder_version=&#8221;4.21.0&#8243; _module_preset=&#8221;934238cc-5ad0-4f3d-ad68-82ab934b71e3&#8243; custom_margin=&#8221;||0px||false|false&#8221; global_colors_info=&#8221;{}&#8221;]<\/p>\n<h3>Depilazione<\/h3>\n<p>[\/et_pb_text][\/et_pb_column][et_pb_column type=&#8221;1_3&#8243; _builder_version=&#8221;4.19.2&#8243; _module_preset=&#8221;default&#8221; global_colors_info=&#8221;{}&#8221;][et_pb_image src=&#8221;https:\/\/esteticamentemonica.it\/wp-content\/uploads\/2023\/10\/14.png&#8221; title_text=&#8221;14&#8243; _builder_version=&#8221;4.21.0&#8243; _module_preset=&#8221;default&#8221; global_colors_info=&#8221;{}&#8221;][\/et_pb_image][et_pb_text _builder_version=&#8221;4.21.0&#8243; _module_preset=&#8221;934238cc-5ad0-4f3d-ad68-82ab934b71e3&#8243; custom_margin=&#8221;||0px||false|false&#8221; global_colors_info=&#8221;{}&#8221;]<\/p>\n<h3>Trattamenti anticellulite, snellenti e dimagranti<\/h3>\n<p>[\/et_pb_text][\/et_pb_column][\/et_pb_row][\/et_pb_section][et_pb_section fb_built=&#8221;1&#8243; admin_label=&#8221;Gallery&#8221; _builder_version=&#8221;4.19.2&#8243; _module_preset=&#8221;default&#8221; background_color=&#8221;gcid-f6a3689d-a668-4350-af50-132b2d07b02b&#8221; use_background_color_gradient=&#8221;on&#8221; background_color_gradient_stops=&#8221;gcid-f6a3689d-a668-4350-af50-132b2d07b02b 35%|gcid-d69cdd80-7102-4dfa-b2aa-4f565509d968 35%|gcid-d69cdd80-7102-4dfa-b2aa-4f565509d968 70%|gcid-f6a3689d-a668-4350-af50-132b2d07b02b 70%&#8221; locked=&#8221;off&#8221; collapsed=&#8221;on&#8221; global_colors_info=&#8221;{%22gcid-f6a3689d-a668-4350-af50-132b2d07b02b%22:%91%22background_color%22,%22background_color_gradient_stops%22,%22background_color_gradient_stops%22%93,%22gcid-d69cdd80-7102-4dfa-b2aa-4f565509d968%22:%91%22background_color_gradient_stops%22,%22background_color_gradient_stops%22%93}&#8221;][et_pb_row column_structure=&#8221;1_3,1_3,1_3&#8243; custom_padding_last_edited=&#8221;on|tablet&#8221; _builder_version=&#8221;4.19.5&#8243; _module_preset=&#8221;default&#8221; custom_padding_tablet=&#8221;||0px||false|false&#8221; custom_padding_phone=&#8221;||0px||false|false&#8221; global_colors_info=&#8221;{}&#8221;][et_pb_column type=&#8221;1_3&#8243; _builder_version=&#8221;4.19.2&#8243; _module_preset=&#8221;default&#8221; global_colors_info=&#8221;{}&#8221;][et_pb_image src=&#8221;https:\/\/esteticamentemonica.it\/wp-content\/uploads\/2025\/04\/Immagine-2025-04-29-151305-1-679&#215;1024.png&#8221; alt=&#8221;trucco sposa<br \/>\nponte buggianese&#8221; title_text=&#8221;Immagine 2025-04-29 151305&#8243; _builder_version=&#8221;4.21.0&#8243; _module_preset=&#8221;default&#8221; border_width_all=&#8221;5px&#8221; border_color_all=&#8221;#FFFFFF&#8221; global_colors_info=&#8221;{}&#8221;][\/et_pb_image][\/et_pb_column][et_pb_column type=&#8221;1_3&#8243; _builder_version=&#8221;4.19.2&#8243; _module_preset=&#8221;default&#8221; global_colors_info=&#8221;{}&#8221;][et_pb_image src=&#8221;https:\/\/esteticamentemonica.it\/wp-content\/uploads\/2025\/04\/DSC_0279-683&#215;1024.jpg&#8221; title_text=&#8221;DSC_0279&#8243; _builder_version=&#8221;4.21.0&#8243; _module_preset=&#8221;default&#8221; border_width_all=&#8221;5px&#8221; border_color_all=&#8221;#FFFFFF&#8221; locked=&#8221;off&#8221; global_colors_info=&#8221;{}&#8221;][\/et_pb_image][\/et_pb_column][et_pb_column type=&#8221;1_3&#8243; _builder_version=&#8221;4.19.2&#8243; _module_preset=&#8221;default&#8221; global_colors_info=&#8221;{}&#8221;][et_pb_image src=&#8221;https:\/\/esteticamentemonica.it\/wp-content\/uploads\/2025\/04\/DSC_0272-1-683&#215;1024.jpg&#8221; alt=&#8221;manicure&#8221; title_text=&#8221;DSC_0272&#8243; _builder_version=&#8221;4.21.0&#8243; _module_preset=&#8221;default&#8221; border_width_all=&#8221;5px&#8221; border_color_all=&#8221;#FFFFFF&#8221; locked=&#8221;off&#8221; global_colors_info=&#8221;{}&#8221;][\/et_pb_image][\/et_pb_column][\/et_pb_row][et_pb_row column_structure=&#8221;1_3,1_3,1_3&#8243; _builder_version=&#8221;4.19.2&#8243; _module_preset=&#8221;default&#8221; global_colors_info=&#8221;{}&#8221;][et_pb_column type=&#8221;1_3&#8243; _builder_version=&#8221;4.19.2&#8243; _module_preset=&#8221;default&#8221; global_colors_info=&#8221;{}&#8221;][et_pb_image src=&#8221;https:\/\/esteticamentemonica.it\/wp-content\/uploads\/2025\/04\/DSC_0268-683&#215;1024.jpg&#8221; alt=&#8221;gel unghia semipermanente&#8221; title_text=&#8221;DSC_0268&#8243; _builder_version=&#8221;4.21.0&#8243; _module_preset=&#8221;default&#8221; border_width_all=&#8221;5px&#8221; border_color_all=&#8221;#FFFFFF&#8221; global_colors_info=&#8221;{}&#8221;][\/et_pb_image][\/et_pb_column][et_pb_column type=&#8221;1_3&#8243; _builder_version=&#8221;4.19.2&#8243; _module_preset=&#8221;default&#8221; global_colors_info=&#8221;{}&#8221;][et_pb_image src=&#8221;https:\/\/esteticamentemonica.it\/wp-content\/uploads\/2025\/04\/DSC_0376-2-1-scaled.jpg&#8221; alt=&#8221;lampada&#8221; title_text=&#8221;DSC_0376 2&#8243; _builder_version=&#8221;4.21.0&#8243; _module_preset=&#8221;default&#8221; border_width_all=&#8221;5px&#8221; border_color_all=&#8221;#FFFFFF&#8221; locked=&#8221;off&#8221; global_colors_info=&#8221;{}&#8221;][\/et_pb_image][\/et_pb_column][et_pb_column type=&#8221;1_3&#8243; _builder_version=&#8221;4.19.2&#8243; _module_preset=&#8221;default&#8221; global_colors_info=&#8221;{}&#8221;][et_pb_image src=&#8221;https:\/\/esteticamentemonica.it\/wp-content\/uploads\/2025\/04\/DSC_0370-683&#215;1024.jpg&#8221; alt=&#8221;lampada&#8221; title_text=&#8221;DSC_0370&#8243; _builder_version=&#8221;4.21.0&#8243; _module_preset=&#8221;default&#8221; border_width_all=&#8221;5px&#8221; border_color_all=&#8221;#FFFFFF&#8221; locked=&#8221;off&#8221; global_colors_info=&#8221;{}&#8221;][\/et_pb_image][\/et_pb_column][\/et_pb_row][\/et_pb_section][et_pb_section fb_built=&#8221;1&#8243; admin_label=&#8221;About&#8221; _builder_version=&#8221;4.19.5&#8243; _module_preset=&#8221;default&#8221; background_color=&#8221;gcid-d69cdd80-7102-4dfa-b2aa-4f565509d968&#8243; background_image=&#8221;https:\/\/esteticamentemonica.it\/wp-content\/uploads\/2023\/10\/makeup-studio-44.png&#8221; background_size=&#8221;custom&#8221; background_image_width=&#8221;40%&#8221; background_position=&#8221;top_right&#8221; background_horizontal_offset=&#8221;3vw&#8221; background_vertical_offset=&#8221;4vw&#8221; locked=&#8221;off&#8221; collapsed=&#8221;on&#8221; global_colors_info=&#8221;{%22gcid-d69cdd80-7102-4dfa-b2aa-4f565509d968%22:%91%22background_color%22%93}&#8221;][et_pb_row column_structure=&#8221;1_2,1_2&#8243; _builder_version=&#8221;4.20.2&#8243; _module_preset=&#8221;default&#8221; global_colors_info=&#8221;{}&#8221;][et_pb_column type=&#8221;1_2&#8243; _builder_version=&#8221;4.19.2&#8243; _module_preset=&#8221;default&#8221; global_colors_info=&#8221;{}&#8221;][et_pb_text _builder_version=&#8221;4.21.0&#8243; _module_preset=&#8221;770719cb-b567-4f67-a783-bb70291a3117&#8243; global_colors_info=&#8221;{}&#8221;]<\/p>\n<h4>Competenza e qualit\u00e0<\/h4>\n<p>[\/et_pb_text][et_pb_text _builder_version=&#8221;4.21.0&#8243; _module_preset=&#8221;3c984256-6aa1-44c7-b495-1249cceffa0e&#8221; global_colors_info=&#8221;{}&#8221;]<\/p>\n<h2>L&#8217;importanza della formazione<\/h2>\n<p>[\/et_pb_text][et_pb_text _builder_version=&#8221;4.21.0&#8243; _module_preset=&#8221;d6a94313-27d2-46db-9af5-59700d27cb7f&#8221; global_colors_info=&#8221;{}&#8221;]<\/p>\n<p>Esteticamente Monica crede fortemente che la soddisfazione dei nostri clienti passi prima di tutto dalla qualit\u00e0 del servizio offerto.<\/p>\n<p>Per questo motivo tutto lo staff di Esteticamente Monica porta avanti una formazione continua sui nuovi prodotti, le nuove tecniche, i nuovi macchinari che ogni giorno si affacciano alla porta della bellezza e del benessere.<\/p>\n<p>Accanto a questo abbiamo affiancato la scelta dei migliori prodotti sul mercato in modo di garantire ottimi risultati senza nessun tipo di rischio.<\/p>\n<p>Il tutto in un ambiente curato, fresco e soprattutto accogliente, perch\u00e9 il momento in cui ti affidi a Esteticamente Monica possa essere prima di tutto una coccola, un momento in cui ti stai facendo un regalo.<\/p>\n<p>[\/et_pb_text][et_pb_button button_url=&#8221;tel:+393398830015&#8243; url_new_window=&#8221;on&#8221; button_text=&#8221;Contattaci&#8221; _builder_version=&#8221;4.21.0&#8243; _module_preset=&#8221;994de2d2-dfb6-438e-bb92-dab15a881310&#8243; global_colors_info=&#8221;{}&#8221;][\/et_pb_button][\/et_pb_column][et_pb_column type=&#8221;1_2&#8243; _builder_version=&#8221;4.19.2&#8243; _module_preset=&#8221;default&#8221; global_colors_info=&#8221;{}&#8221;][et_pb_image src=&#8221;https:\/\/esteticamentemonica.it\/wp-content\/uploads\/2025\/04\/DSC_0305-scaled.jpg&#8221; title_text=&#8221;DSC_0305&#8243; _builder_version=&#8221;4.21.0&#8243; _module_preset=&#8221;default&#8221; border_radii=&#8221;on|500px|500px|500px|500px&#8221; border_width_all=&#8221;10px&#8221; border_color_all=&#8221;#FFFFFF&#8221; global_colors_info=&#8221;{}&#8221;][\/et_pb_image][\/et_pb_column][\/et_pb_row][\/et_pb_section]<\/p>\n","protected":false},"excerpt":{"rendered":"<p>La bellezza di prendersi cura di s\u00e9Esteticamente MonicaEsteticamente Monica a Ponte Buggianese \u00e8 Centro Estetico e Benessere una giovane realt\u00e0 dedicata alla bellezza sia di donne che uomini, con professionalit\u00e0 e dinamismo offre trattamenti base come Manicure e Pedicure, inoltre effettuano Ricostruzione Unghie, trattamenti Viso e Corpo, Trattamenti Anticellulite, Trattamenti Snellenti, Trattamenti Dimagranti, Massaggi Corpo, [&hellip;]<\/p>\n","protected":false},"author":1,"featured_media":0,"parent":0,"menu_order":0,"comment_status":"closed","ping_status":"closed","template":"","meta":{"_et_pb_use_builder":"on","_et_pb_old_content":"","_et_gb_content_width":"","_themeisle_gutenberg_block_has_review":false,"footnotes":""},"class_list":["post-11","page","type-page","status-publish","hentry"],"_links":{"self":[{"href":"https:\/\/esteticamentemonica.it\/index.php\/wp-json\/wp\/v2\/pages\/11","targetHints":{"allow":["GET"]}}],"collection":[{"href":"https:\/\/esteticamentemonica.it\/index.php\/wp-json\/wp\/v2\/pages"}],"about":[{"href":"https:\/\/esteticamentemonica.it\/index.php\/wp-json\/wp\/v2\/types\/page"}],"author":[{"embeddable":true,"href":"https:\/\/esteticamentemonica.it\/index.php\/wp-json\/wp\/v2\/users\/1"}],"replies":[{"embeddable":true,"href":"https:\/\/esteticamentemonica.it\/index.php\/wp-json\/wp\/v2\/comments?post=11"}],"version-history":[{"count":24,"href":"https:\/\/esteticamentemonica.it\/index.php\/wp-json\/wp\/v2\/pages\/11\/revisions"}],"predecessor-version":[{"id":240,"href":"https:\/\/esteticamentemonica.it\/index.php\/wp-json\/wp\/v2\/pages\/11\/revisions\/240"}],"wp:attachment":[{"href":"https:\/\/esteticamentemonica.it\/index.php\/wp-json\/wp\/v2\/media?parent=11"}],"curies":[{"name":"wp","href":"https:\/\/api.w.org\/{rel}","templated":true}]}}